{"id":14,"date":"2023-04-18T17:14:37","date_gmt":"2023-04-18T17:14:37","guid":{"rendered":"https:\/\/forschungsgruppe-pronomen.de\/?page_id=14"},"modified":"2024-03-12T12:53:23","modified_gmt":"2024-03-12T12:53:23","slug":"kontakt","status":"publish","type":"page","link":"https:\/\/tp3.forschungsgruppe-pronomen.de\/en\/kontakt\/","title":{"rendered":""},"content":{"rendered":"<div class=\"wp-block-columns is-layout-flex wp-container-core-columns-is-layout-28f84493 wp-block-columns-is-layout-flex\">\n<div class=\"wp-block-column is-layout-flow wp-block-column-is-layout-flow\">\n<h1 class=\"wp-block-heading\">Team<\/h1>\n<\/div>\n\n\n\n<div class=\"wp-block-column is-layout-flow wp-block-column-is-layout-flow\"><\/div>\n<\/div>\n\n\n\n<div class=\"wp-block-columns is-layout-flex wp-container-core-columns-is-layout-28f84493 wp-block-columns-is-layout-flex\">\n<div class=\"wp-block-column is-layout-flow wp-block-column-is-layout-flow\">\n<figure class=\"wp-block-image size-full is-resized\"><img loading=\"lazy\" decoding=\"async\" width=\"326\" height=\"435\" src=\"https:\/\/tp3.forschungsgruppe-pronomen.de\/wp-content\/uploads\/2024\/03\/bewerbungsfoto_sw_klein-edited.gif\" alt=\"\" class=\"wp-image-492\" style=\"aspect-ratio:3\/4;object-fit:cover;width:auto;height:400px\"\/><figcaption class=\"wp-element-caption\"><strong><a href=\"https:\/\/www.uni-muenster.de\/Germanistik\/Lehrende\/sprachwissenschaft\/Lanwer_Jens\/\">Dr. Jens Lanwer<\/a><\/strong><br>University of M\u00fcnster<br>Germanistisches Institut<br>Abteilung Sprachwissenschaft<br>Schlossplatz 34, room 9<br>48143 M\u00fcnster<br><a href=\"jp.lanwer@wwu.de\" data-type=\"URL\" data-id=\"susanne.guenthner@uni-muenster.de\">E-Mail<\/a><\/figcaption><\/figure>\n\n\n\n<figure class=\"wp-block-image size-large is-resized\"><img loading=\"lazy\" decoding=\"async\" width=\"683\" height=\"1024\" src=\"https:\/\/tp3.forschungsgruppe-pronomen.de\/wp-content\/uploads\/2024\/03\/JOSI_final-3-683x1024.png\" alt=\"\" class=\"wp-image-485\" style=\"aspect-ratio:3\/4;object-fit:cover;width:auto;height:400px\" srcset=\"https:\/\/tp3.forschungsgruppe-pronomen.de\/wp-content\/uploads\/2024\/03\/JOSI_final-3-683x1024.png 683w, https:\/\/tp3.forschungsgruppe-pronomen.de\/wp-content\/uploads\/2024\/03\/JOSI_final-3-200x300.png 200w, https:\/\/tp3.forschungsgruppe-pronomen.de\/wp-content\/uploads\/2024\/03\/JOSI_final-3-768x1152.png 768w, https:\/\/tp3.forschungsgruppe-pronomen.de\/wp-content\/uploads\/2024\/03\/JOSI_final-3-1024x1536.png 1024w, https:\/\/tp3.forschungsgruppe-pronomen.de\/wp-content\/uploads\/2024\/03\/JOSI_final-3-1365x2048.png 1365w, https:\/\/tp3.forschungsgruppe-pronomen.de\/wp-content\/uploads\/2024\/03\/JOSI_final-3-8x12.png 8w\" sizes=\"auto, (max-width: 683px) 100vw, 683px\" \/><figcaption class=\"wp-element-caption\"><strong>Josefine Kerkloh<\/strong><br>University of M\u00fcnster<br>Germanistisches Institut<br>Abteilung f\u00fcr Sprachwissenschaft<br>Robert-Koch-Stra\u00dfe 29, room 207<br>48149 M\u00fcnster<\/figcaption><\/figure>\n\n\n\n<figure class=\"wp-block-image size-large is-resized\"><img loading=\"lazy\" decoding=\"async\" width=\"683\" height=\"1024\" src=\"https:\/\/tp3.forschungsgruppe-pronomen.de\/wp-content\/uploads\/2024\/03\/JOHANNA_final-683x1024.png\" alt=\"\" class=\"wp-image-482\" style=\"aspect-ratio:3\/4;object-fit:cover;width:auto;height:400px\" srcset=\"https:\/\/tp3.forschungsgruppe-pronomen.de\/wp-content\/uploads\/2024\/03\/JOHANNA_final-683x1024.png 683w, https:\/\/tp3.forschungsgruppe-pronomen.de\/wp-content\/uploads\/2024\/03\/JOHANNA_final-200x300.png 200w, https:\/\/tp3.forschungsgruppe-pronomen.de\/wp-content\/uploads\/2024\/03\/JOHANNA_final-768x1152.png 768w, https:\/\/tp3.forschungsgruppe-pronomen.de\/wp-content\/uploads\/2024\/03\/JOHANNA_final-1024x1536.png 1024w, https:\/\/tp3.forschungsgruppe-pronomen.de\/wp-content\/uploads\/2024\/03\/JOHANNA_final-1365x2048.png 1365w, https:\/\/tp3.forschungsgruppe-pronomen.de\/wp-content\/uploads\/2024\/03\/JOHANNA_final-8x12.png 8w\" sizes=\"auto, (max-width: 683px) 100vw, 683px\" \/><figcaption class=\"wp-element-caption\"><strong>Johanna Odenthal<\/strong><br>University of M\u00fcnster<br>Germanistisches Institut<br>Abteilung f\u00fcr Sprachwissenschaft<br>Robert-Koch-Stra\u00dfe 29, room 207<br>48149 M\u00fcnster<\/figcaption><\/figure>\n<\/div>\n\n\n\n<div class=\"wp-block-column is-layout-flow wp-block-column-is-layout-flow\">\n<figure class=\"wp-block-image size-full is-resized\"><img loading=\"lazy\" decoding=\"async\" width=\"460\" height=\"613\" src=\"https:\/\/tp3.forschungsgruppe-pronomen.de\/wp-content\/uploads\/2024\/03\/fittosize_460_690_f5e0d2551fba965e81a7cf43592344b7_nathalie_portrait_klein-edited-1.jpeg\" alt=\"\" class=\"wp-image-491\" style=\"aspect-ratio:3\/4;object-fit:cover;width:auto;height:400px\" srcset=\"https:\/\/tp3.forschungsgruppe-pronomen.de\/wp-content\/uploads\/2024\/03\/fittosize_460_690_f5e0d2551fba965e81a7cf43592344b7_nathalie_portrait_klein-edited-1.jpeg 460w, https:\/\/tp3.forschungsgruppe-pronomen.de\/wp-content\/uploads\/2024\/03\/fittosize_460_690_f5e0d2551fba965e81a7cf43592344b7_nathalie_portrait_klein-edited-1-225x300.jpeg 225w, https:\/\/tp3.forschungsgruppe-pronomen.de\/wp-content\/uploads\/2024\/03\/fittosize_460_690_f5e0d2551fba965e81a7cf43592344b7_nathalie_portrait_klein-edited-1-9x12.jpeg 9w\" sizes=\"auto, (max-width: 460px) 100vw, 460px\" \/><figcaption class=\"wp-element-caption\"><strong><a href=\"https:\/\/www.uni-muenster.de\/Germanistik\/Lehrende\/sprachwissenschaft\/nathalie_bauer\/index.html\">Nathalie Bauer<\/a><\/strong><br>University of M\u00fcnster<br>Germanistisches Institut<br>Abteilung f\u00fcr Sprachwissenschaft<br>Robert-Koch-Stra\u00dfe 29, room 204<br>48149 M\u00fcnster<br><a href=\"nathalie.bauer@uni-muenster.de\" data-type=\"mailto\" data-id=\"mailto:wolfgang.imo@uni-hamburg.de\">E-Mail<\/a><\/figcaption><\/figure>\n\n\n\n<figure class=\"wp-block-image size-large is-resized\"><img loading=\"lazy\" decoding=\"async\" width=\"683\" height=\"1024\" src=\"https:\/\/tp3.forschungsgruppe-pronomen.de\/wp-content\/uploads\/2024\/03\/MATILDA_final-3-683x1024.png\" alt=\"\" class=\"wp-image-490\" style=\"aspect-ratio:3\/4;object-fit:cover;width:auto;height:400px\" srcset=\"https:\/\/tp3.forschungsgruppe-pronomen.de\/wp-content\/uploads\/2024\/03\/MATILDA_final-3-683x1024.png 683w, https:\/\/tp3.forschungsgruppe-pronomen.de\/wp-content\/uploads\/2024\/03\/MATILDA_final-3-200x300.png 200w, https:\/\/tp3.forschungsgruppe-pronomen.de\/wp-content\/uploads\/2024\/03\/MATILDA_final-3-768x1152.png 768w, https:\/\/tp3.forschungsgruppe-pronomen.de\/wp-content\/uploads\/2024\/03\/MATILDA_final-3-1024x1536.png 1024w, https:\/\/tp3.forschungsgruppe-pronomen.de\/wp-content\/uploads\/2024\/03\/MATILDA_final-3-1365x2048.png 1365w, https:\/\/tp3.forschungsgruppe-pronomen.de\/wp-content\/uploads\/2024\/03\/MATILDA_final-3-8x12.png 8w\" sizes=\"auto, (max-width: 683px) 100vw, 683px\" \/><figcaption class=\"wp-element-caption\"><strong>Matilda Iarriccio<\/strong><br>University of M\u00fcnster<br>Germanistisches Institut<br>Abteilung f\u00fcr Sprachwissenschaft<br>Robert-Koch-Stra\u00dfe 29, room 207<br>48149 M\u00fcnster<\/figcaption><\/figure>\n<\/div>\n<\/div>\n\n\n\n<div class=\"wp-block-columns is-layout-flex wp-container-core-columns-is-layout-28f84493 wp-block-columns-is-layout-flex\">\n<div class=\"wp-block-column is-layout-flow wp-block-column-is-layout-flow\" style=\"flex-basis:100%\"><\/div>\n<\/div>\n\n\n\n<div class=\"wp-block-columns is-layout-flex wp-container-core-columns-is-layout-28f84493 wp-block-columns-is-layout-flex\"><\/div>","protected":false},"excerpt":{"rendered":"<p>Team<\/p>","protected":false},"author":1,"featured_media":0,"parent":0,"menu_order":0,"comment_status":"closed","ping_status":"closed","template":"","meta":{"site-container-style":"default","site-container-layout":"default","site-sidebar-layout":"default","disable-article-header":"default","disable-site-header":"default","disable-site-footer":"default","disable-content-area-spacing":"default","footnotes":""},"class_list":["post-14","page","type-page","status-publish","hentry"],"publishpress_future_action":{"enabled":false,"date":"2026-05-10 15:17:07","action":"change-status","newStatus":"draft","terms":[],"taxonomy":"","extraData":[]},"publishpress_future_workflow_manual_trigger":{"enabledWorkflows":[]},"_links":{"self":[{"href":"https:\/\/tp3.forschungsgruppe-pronomen.de\/en\/wp-json\/wp\/v2\/pages\/14","targetHints":{"allow":["GET"]}}],"collection":[{"href":"https:\/\/tp3.forschungsgruppe-pronomen.de\/en\/wp-json\/wp\/v2\/pages"}],"about":[{"href":"https:\/\/tp3.forschungsgruppe-pronomen.de\/en\/wp-json\/wp\/v2\/types\/page"}],"author":[{"embeddable":true,"href":"https:\/\/tp3.forschungsgruppe-pronomen.de\/en\/wp-json\/wp\/v2\/users\/1"}],"replies":[{"embeddable":true,"href":"https:\/\/tp3.forschungsgruppe-pronomen.de\/en\/wp-json\/wp\/v2\/comments?post=14"}],"version-history":[{"count":33,"href":"https:\/\/tp3.forschungsgruppe-pronomen.de\/en\/wp-json\/wp\/v2\/pages\/14\/revisions"}],"predecessor-version":[{"id":529,"href":"https:\/\/tp3.forschungsgruppe-pronomen.de\/en\/wp-json\/wp\/v2\/pages\/14\/revisions\/529"}],"wp:attachment":[{"href":"https:\/\/tp3.forschungsgruppe-pronomen.de\/en\/wp-json\/wp\/v2\/media?parent=14"}],"curies":[{"name":"wp","href":"https:\/\/api.w.org\/{rel}","templated":true}]}}